{"id":6210,"date":"2026-01-08T14:03:00","date_gmt":"2026-01-08T12:03:00","guid":{"rendered":"https:\/\/immersiumstudio.com\/?post_type=project&#038;p=6210"},"modified":"2026-01-13T17:02:55","modified_gmt":"2026-01-13T15:02:55","slug":"projecte-departament-de-justicia-continguts-immersius-per-a-intervencio-terapeutica","status":"publish","type":"project","link":"https:\/\/immersiumstudio.com\/ca\/projects\/projecte-departament-de-justicia-continguts-immersius-per-a-intervencio-terapeutica\/","title":{"rendered":"Projecte Departament de Just\u00edcia &#8211; Continguts immersius per a intervenci\u00f3 terap\u00e8utica"},"content":{"rendered":"\n<p>Dintre de la <a href=\"https:\/\/web.gencat.cat\/\"><strong>Generalitat de Catalunya<\/strong><\/a> trobem el<a href=\"https:\/\/web.gencat.cat\/ca\/generalitat\/com-ens-organitzem\/departaments\/justicia\"> <strong>Departament de Just\u00edcia i Qualitat Democr\u00e0tica<\/strong><\/a> que \u00e9s el Departament encarregat de les funcions relacionades amb l&#8217;<strong>Administraci\u00f3 de just\u00edcia<\/strong> a Catalunya i la seva modernitzaci\u00f3, els <strong>serveis penitenciaris<\/strong>, la<strong> reinserci\u00f3 <\/strong>i la <strong>just\u00edcia juvenil<\/strong>, la conservaci\u00f3 i  l&#8217;actualitzaci\u00f3 i el desenvolupament del dret civil de Catalunya, entre altres. <\/p>\n\n\n\n<figure class=\"wp-block-image size-large is-resized\"><img loading=\"lazy\" decoding=\"async\" src=\"https:\/\/immersiumstudio.com\/wp-content\/uploads\/2025\/12\/generalitat-dept-just-1024x239.jpg\" alt=\"\" class=\"wp-image-6218\" width=\"712\" height=\"165\" srcset=\"https:\/\/immersiumstudio.com\/wp-content\/uploads\/2025\/12\/generalitat-dept-just-1024x239.jpg 1024w, https:\/\/immersiumstudio.com\/wp-content\/uploads\/2025\/12\/generalitat-dept-just-300x70.jpg 300w, https:\/\/immersiumstudio.com\/wp-content\/uploads\/2025\/12\/generalitat-dept-just-768x179.jpg 768w, https:\/\/immersiumstudio.com\/wp-content\/uploads\/2025\/12\/generalitat-dept-just-1536x358.jpg 1536w, https:\/\/immersiumstudio.com\/wp-content\/uploads\/2025\/12\/generalitat-dept-just.jpg 1600w\" sizes=\"auto, (max-width: 712px) 100vw, 712px\" \/><\/figure>\n\n\n\n<p>En el <strong>Servei de Rehabilitaci\u00f3 de la Direcci\u00f3 General d\u2019Afers Penitenciaris de Just\u00edcia i Qualitat Democr\u00e0tica<\/strong> buscaven propostes per a la creaci\u00f3 de materials audiovisuals immersius 360\u00ba per a la rehabilitaci\u00f3 de persones en centres penitenciaris de Catalunya, en el marc del <strong>Pacte Nacional de Salut Mental 2025\u20132030<\/strong>.<\/p>\n\n\n\n<p><\/p>\n\n\n\n<p>Aquest pacte t\u00e9 l\u2019objectiu de proporcionar eines innovadores per a la rehabilitaci\u00f3 i preparaci\u00f3 per a la vida en llibertat. Amb aquest objectiu el <strong>Servei de Rehabilitaci\u00f3 de la Subdirecci\u00f3 General de Programes de Rehabilitaci\u00f3 i Sanitat<\/strong>, de la Direcci\u00f3 General d\u2019Afers Penitenciaris del Departament de Just\u00edcia i Qualitat Democr\u00e0tica, va proporcionar una l\u00ednia de materials en la qual Immersium Studio va presentar una proposta. En aquesta proposta vam plantejar el disseny i la implementaci\u00f3 d&#8217;uns materials audiovisuals immersius en 360\u00ba per afavorir la reflexi\u00f3, l\u2019autoregulaci\u00f3 emocional i l\u2019adquisici\u00f3 d\u2019estrat\u00e8gies davant situacions de risc mitjan\u00e7ant una intervenci\u00f3 terap\u00e8utica amb persones internes als centres penitenciaris de Catalunya. Aquesta proposta va ser acceptada i aix\u00ed va comen\u00e7ar aquest projecte. <\/p>\n\n\n\n<figure class=\"wp-block-image size-full is-resized\"><img loading=\"lazy\" decoding=\"async\" src=\"https:\/\/immersiumstudio.com\/wp-content\/uploads\/2025\/12\/presos-vr.png\" alt=\"\" class=\"wp-image-6221\" width=\"705\" height=\"397\" srcset=\"https:\/\/immersiumstudio.com\/wp-content\/uploads\/2025\/12\/presos-vr.png 960w, https:\/\/immersiumstudio.com\/wp-content\/uploads\/2025\/12\/presos-vr-300x169.png 300w, https:\/\/immersiumstudio.com\/wp-content\/uploads\/2025\/12\/presos-vr-768x432.png 768w\" sizes=\"auto, (max-width: 705px) 100vw, 705px\" \/><\/figure>\n\n\n\n<figure class=\"wp-block-image size-full is-resized\"><img loading=\"lazy\" decoding=\"async\" src=\"https:\/\/immersiumstudio.com\/wp-content\/uploads\/2025\/12\/pactenacionalsalutmental-1full-1.jpg\" alt=\"\" class=\"wp-image-6224\" width=\"559\" height=\"119\" srcset=\"https:\/\/immersiumstudio.com\/wp-content\/uploads\/2025\/12\/pactenacionalsalutmental-1full-1.jpg 838w, https:\/\/immersiumstudio.com\/wp-content\/uploads\/2025\/12\/pactenacionalsalutmental-1full-1-300x64.jpg 300w, https:\/\/immersiumstudio.com\/wp-content\/uploads\/2025\/12\/pactenacionalsalutmental-1full-1-768x165.jpg 768w\" sizes=\"auto, (max-width: 559px) 100vw, 559px\" \/><\/figure>\n\n\n\n<div style=\"height:51px\" aria-hidden=\"true\" class=\"wp-block-spacer\"><\/div>\n\n\n\n<h2 class=\"wp-block-heading\">Projecte<\/h2>\n\n\n\n<p>Conjuntament amb el<strong> Departament de Just\u00edcia<\/strong> vam desenvolupar un gui\u00f3 amb l&#8217;objectiu d&#8217;afavorir la reflexi\u00f3, l\u2019autoregulaci\u00f3 emocional i l\u2019adquisici\u00f3 d\u2019estrat\u00e8gies davant situacions de risc per persones internes als centres penitenciaris de Catalunya. <\/p>\n\n\n\n<div style=\"height:21px\" aria-hidden=\"true\" class=\"wp-block-spacer\"><\/div>\n\n\n\n<p>Entre les situacions de risc m\u00e9s habituals a les que es poden enfrontar vam escollir quatre com a m\u00e9s representatives:<\/p>\n\n\n\n<div style=\"height:16px\" aria-hidden=\"true\" class=\"wp-block-spacer\"><\/div>\n\n\n\n<ul class=\"wp-block-list\"><li><strong>Viol\u00e8ncia de g\u00e8nere<\/strong><\/li><\/ul>\n\n\n\n<figure class=\"wp-block-image size-large\"><img loading=\"lazy\" decoding=\"async\" width=\"1024\" height=\"468\" src=\"https:\/\/immersiumstudio.com\/wp-content\/uploads\/2026\/01\/violencia-de-genere-1024x468.png\" alt=\"\" class=\"wp-image-6227\" srcset=\"https:\/\/immersiumstudio.com\/wp-content\/uploads\/2026\/01\/violencia-de-genere-1024x468.png 1024w, https:\/\/immersiumstudio.com\/wp-content\/uploads\/2026\/01\/violencia-de-genere-300x137.png 300w, https:\/\/immersiumstudio.com\/wp-content\/uploads\/2026\/01\/violencia-de-genere-768x351.png 768w, https:\/\/immersiumstudio.com\/wp-content\/uploads\/2026\/01\/violencia-de-genere-1536x702.png 1536w, https:\/\/immersiumstudio.com\/wp-content\/uploads\/2026\/01\/violencia-de-genere.png 1884w\" sizes=\"auto, (max-width: 1024px) 100vw, 1024px\" \/><\/figure>\n\n\n\n<p>Simulem el dia a dia d\u2019una parella on es poden identificar els primers senyals d\u2019una viol\u00e8ncia de g\u00e8nere.<\/p>\n\n\n\n<div style=\"height:25px\" aria-hidden=\"true\" class=\"wp-block-spacer\"><\/div>\n\n\n\n<ul class=\"wp-block-list\"><li><strong>Reincid\u00e8ncia delictiva<\/strong><\/li><\/ul>\n\n\n\n<figure class=\"wp-block-image size-large\"><img loading=\"lazy\" decoding=\"async\" width=\"1024\" height=\"483\" src=\"https:\/\/immersiumstudio.com\/wp-content\/uploads\/2026\/01\/reincidencia-delictiva-1024x483.png\" alt=\"\" class=\"wp-image-6230\" srcset=\"https:\/\/immersiumstudio.com\/wp-content\/uploads\/2026\/01\/reincidencia-delictiva-1024x483.png 1024w, https:\/\/immersiumstudio.com\/wp-content\/uploads\/2026\/01\/reincidencia-delictiva-300x142.png 300w, https:\/\/immersiumstudio.com\/wp-content\/uploads\/2026\/01\/reincidencia-delictiva-768x362.png 768w, https:\/\/immersiumstudio.com\/wp-content\/uploads\/2026\/01\/reincidencia-delictiva.png 1263w\" sizes=\"auto, (max-width: 1024px) 100vw, 1024px\" \/><\/figure>\n\n\n\n<p>Simulem una situaci\u00f3 on un encarregat vol que uns dels empleats mogui una caixa no registrada.<\/p>\n\n\n\n<div style=\"height:23px\" aria-hidden=\"true\" class=\"wp-block-spacer\"><\/div>\n\n\n\n<ul class=\"wp-block-list\"><li><strong>Consum de subst\u00e0ncies<\/strong><\/li><\/ul>\n\n\n\n<figure class=\"wp-block-image size-large\"><img loading=\"lazy\" decoding=\"async\" width=\"1024\" height=\"587\" src=\"https:\/\/immersiumstudio.com\/wp-content\/uploads\/2026\/01\/consum-de-substancies-1024x587.png\" alt=\"\" class=\"wp-image-6233\" srcset=\"https:\/\/immersiumstudio.com\/wp-content\/uploads\/2026\/01\/consum-de-substancies-1024x587.png 1024w, https:\/\/immersiumstudio.com\/wp-content\/uploads\/2026\/01\/consum-de-substancies-300x172.png 300w, https:\/\/immersiumstudio.com\/wp-content\/uploads\/2026\/01\/consum-de-substancies-768x440.png 768w, https:\/\/immersiumstudio.com\/wp-content\/uploads\/2026\/01\/consum-de-substancies.png 1237w\" sizes=\"auto, (max-width: 1024px) 100vw, 1024px\" \/><\/figure>\n\n\n\n<p>Simulem una persona que ha sortit de perm\u00eds penitenciari i un amic seu l\u2019indueix al consum.&nbsp;<\/p>\n\n\n\n<div style=\"height:25px\" aria-hidden=\"true\" class=\"wp-block-spacer\"><\/div>\n\n\n\n<ul class=\"wp-block-list\"><li><strong>Viol\u00e8ncia general<\/strong><\/li><\/ul>\n\n\n\n<figure class=\"wp-block-image size-large\"><img loading=\"lazy\" decoding=\"async\" width=\"1024\" height=\"563\" src=\"https:\/\/immersiumstudio.com\/wp-content\/uploads\/2026\/01\/violencia-general-1024x563.png\" alt=\"\" class=\"wp-image-6236\" srcset=\"https:\/\/immersiumstudio.com\/wp-content\/uploads\/2026\/01\/violencia-general-1024x563.png 1024w, https:\/\/immersiumstudio.com\/wp-content\/uploads\/2026\/01\/violencia-general-300x165.png 300w, https:\/\/immersiumstudio.com\/wp-content\/uploads\/2026\/01\/violencia-general-768x423.png 768w, https:\/\/immersiumstudio.com\/wp-content\/uploads\/2026\/01\/violencia-general.png 1256w\" sizes=\"auto, (max-width: 1024px) 100vw, 1024px\" \/><\/figure>\n\n\n\n<p>Simulem una escena tensa entre dos amics que estan conversant i un possible agressor que es mostra violent sense cap motiu aparent.&nbsp;<\/p>\n\n\n\n<div style=\"height:45px\" aria-hidden=\"true\" class=\"wp-block-spacer\"><\/div>\n\n\n\n<p>En tots els casos l\u2019usuari rep un feedback per remarcar el que ha presenciat i posar consci\u00e8ncia en com seria la millor manera d\u2019actuar en cada cas.<\/p>\n\n\n\n<figure class=\"wp-block-gallery has-nested-images columns-default is-cropped wp-block-gallery-1 is-layout-flex wp-block-gallery-is-layout-flex\">\n<figure class=\"wp-block-image size-large\"><img loading=\"lazy\" decoding=\"async\" width=\"1024\" height=\"471\" data-id=\"6242\" src=\"https:\/\/immersiumstudio.com\/wp-content\/uploads\/2026\/01\/reincidencia-delictiva-feedback-1024x471.png\" alt=\"\" class=\"wp-image-6242\" srcset=\"https:\/\/immersiumstudio.com\/wp-content\/uploads\/2026\/01\/reincidencia-delictiva-feedback-1024x471.png 1024w, https:\/\/immersiumstudio.com\/wp-content\/uploads\/2026\/01\/reincidencia-delictiva-feedback-300x138.png 300w, https:\/\/immersiumstudio.com\/wp-content\/uploads\/2026\/01\/reincidencia-delictiva-feedback-768x353.png 768w, https:\/\/immersiumstudio.com\/wp-content\/uploads\/2026\/01\/reincidencia-delictiva-feedback.png 1487w\" sizes=\"auto, (max-width: 1024px) 100vw, 1024px\" \/><\/figure>\n\n\n\n<figure class=\"wp-block-image size-large\"><img loading=\"lazy\" decoding=\"async\" width=\"1024\" height=\"474\" data-id=\"6239\" src=\"https:\/\/immersiumstudio.com\/wp-content\/uploads\/2026\/01\/violencia-de-genere-feedback-1024x474.png\" alt=\"\" class=\"wp-image-6239\" srcset=\"https:\/\/immersiumstudio.com\/wp-content\/uploads\/2026\/01\/violencia-de-genere-feedback-1024x474.png 1024w, https:\/\/immersiumstudio.com\/wp-content\/uploads\/2026\/01\/violencia-de-genere-feedback-300x139.png 300w, https:\/\/immersiumstudio.com\/wp-content\/uploads\/2026\/01\/violencia-de-genere-feedback-768x356.png 768w, https:\/\/immersiumstudio.com\/wp-content\/uploads\/2026\/01\/violencia-de-genere-feedback.png 1434w\" sizes=\"auto, (max-width: 1024px) 100vw, 1024px\" \/><\/figure>\n<\/figure>\n\n\n\n<figure class=\"wp-block-gallery has-nested-images columns-default is-cropped wp-block-gallery-2 is-layout-flex wp-block-gallery-is-layout-flex\">\n<figure class=\"wp-block-image size-large\"><img loading=\"lazy\" decoding=\"async\" width=\"1024\" height=\"463\" data-id=\"6248\" src=\"https:\/\/immersiumstudio.com\/wp-content\/uploads\/2026\/01\/consum-de-substancies-feedback-1024x463.png\" alt=\"\" class=\"wp-image-6248\" srcset=\"https:\/\/immersiumstudio.com\/wp-content\/uploads\/2026\/01\/consum-de-substancies-feedback-1024x463.png 1024w, https:\/\/immersiumstudio.com\/wp-content\/uploads\/2026\/01\/consum-de-substancies-feedback-300x136.png 300w, https:\/\/immersiumstudio.com\/wp-content\/uploads\/2026\/01\/consum-de-substancies-feedback-768x347.png 768w, https:\/\/immersiumstudio.com\/wp-content\/uploads\/2026\/01\/consum-de-substancies-feedback.png 1488w\" sizes=\"auto, (max-width: 1024px) 100vw, 1024px\" \/><\/figure>\n\n\n\n<figure class=\"wp-block-image size-large\"><img loading=\"lazy\" decoding=\"async\" width=\"1024\" height=\"459\" data-id=\"6245\" src=\"https:\/\/immersiumstudio.com\/wp-content\/uploads\/2026\/01\/violencia-general-feedback-1024x459.png\" alt=\"\" class=\"wp-image-6245\" srcset=\"https:\/\/immersiumstudio.com\/wp-content\/uploads\/2026\/01\/violencia-general-feedback-1024x459.png 1024w, https:\/\/immersiumstudio.com\/wp-content\/uploads\/2026\/01\/violencia-general-feedback-300x134.png 300w, https:\/\/immersiumstudio.com\/wp-content\/uploads\/2026\/01\/violencia-general-feedback-768x344.png 768w, https:\/\/immersiumstudio.com\/wp-content\/uploads\/2026\/01\/violencia-general-feedback.png 1493w\" sizes=\"auto, (max-width: 1024px) 100vw, 1024px\" \/><\/figure>\n<\/figure>\n\n\n\n<div style=\"height:39px\" aria-hidden=\"true\" class=\"wp-block-spacer\"><\/div>\n\n\n\n<p>El disseny dels guions s&#8217;ha desenvolupat tenint en compte una fonamentaci\u00f3 te\u00f2rica amb una intenci\u00f3 pedag\u00f2gica i terap\u00e8utica que descrivim a continuaci\u00f3:<\/p>\n\n\n\n<div style=\"height:32px\" aria-hidden=\"true\" class=\"wp-block-spacer\"><\/div>\n\n\n\n<h4 class=\"wp-block-heading\"> <strong>1. Fonamentaci\u00f3 Te\u00f2rica: <\/strong>El Model Cognitiu-conductual i l&#8217;Aprenentatge Social<\/h4>\n\n\n\n<p>       El recurs s&#8217;alinea directament amb els pilars te\u00f2rics del model catal\u00e0:<\/p>\n\n\n\n<ul class=\"wp-block-list\"><li><strong>Model Cognitiu-conductual<\/strong>: El gui\u00f3 treballa la interacci\u00f3 entre emocions, pensaments i conductes. Les escenes busquen modificar l&#8217;estil cognitiu de l&#8217;intern mitjan\u00e7ant l&#8217;entrenament en compet\u00e8ncies per a una vida adaptativa.<\/li><li><strong>Teoria de l&#8217;Aprenentatge Social<\/strong>: La RV facilita l&#8217;aprenentatge vicari (per observaci\u00f3) i l&#8217;efecte de modelatge. En observar situacions de conflicte &#8220;reals&#8221; i rebre feedback, l&#8217;intern pot imitar conductes socialment desitjables sense els riscos de l&#8217;entorn real.<\/li><\/ul>\n\n\n\n<div style=\"height:33px\" aria-hidden=\"true\" class=\"wp-block-spacer\"><\/div>\n\n\n\n<h4 class=\"wp-block-heading\"><strong>2. Intenci\u00f3 Terap\u00e8utica: <\/strong>Gesti\u00f3 del Risc i Autocontrol<\/h4>\n\n\n\n<p>L&#8217;objectiu terap\u00e8utic central \u00e9s la <strong>gesti\u00f3 del risc de reincid\u00e8ncia<\/strong>:<\/p>\n\n\n\n<ul class=\"wp-block-list\"><li><strong>Identificaci\u00f3 de senyals d&#8217;alerta<\/strong>: Les quatre escenes (viol\u00e8ncia de g\u00e8nere, reincid\u00e8ncia, consum i viol\u00e8ncia general) estan dissenyades per ajudar l&#8217;intern a detectar factors de risc din\u00e0mics abans que el conflicte escali.<\/li><li><strong>Regulaci\u00f3 emocional i control de l&#8217;ira<\/strong>: Especialment en les escenes de viol\u00e8ncia, el recurs ensenya a gestionar la tensi\u00f3 i la frustraci\u00f3, evitant que desencadenin l&#8217;agressi\u00f3.<\/li><li><strong>Prevenci\u00f3 de recaigudes<\/strong>: L&#8217;escena de consum de subst\u00e0ncies utilitza el model transte\u00f2ric de Prochaska i DiClemente, treballant la resist\u00e8ncia a la pressi\u00f3 social i la presa de decisions en situacions de vulnerabilitat (com les sortides de perm\u00eds).<\/li><\/ul>\n\n\n\n<div style=\"height:37px\" aria-hidden=\"true\" class=\"wp-block-spacer\"><\/div>\n\n\n\n<h4 class=\"wp-block-heading\"><strong>3. Intenci\u00f3 Pedag\u00f2gica: <\/strong>Socialitzaci\u00f3 i Autonomia<\/h4>\n\n\n\n<p>Des de l&#8217;\u00f2ptica de l&#8217;<strong>Educaci\u00f3 Social<\/strong> i la <strong>Pedagogia de la vida quotidiana<\/strong>:<\/p>\n\n\n\n<ul class=\"wp-block-list\"><li><strong>Desenvolupament del pensament prosocial<\/strong>: El recurs fomenta la resoluci\u00f3 cognitiva de problemes interpersonals. L&#8217;intern ha de &#8220;pensar cr\u00edticament&#8221; sobre les conseq\u00fc\u00e8ncies de les seves eleccions.<\/li><li><strong>Entrenament en assertivitat<\/strong>: Les respostes suggerides al gui\u00f3 (com la de V\u00edctor al magatzem o la de l&#8217;usuari davant la cervesa) s\u00f3n models d&#8217;habilitats de comunicaci\u00f3 i relaci\u00f3 necess\u00e0ries per a la inserci\u00f3.<\/li><li><strong>Foment de l&#8217;autonomia i la responsabilitat<\/strong>: El feedback final de cada escena responsabilitza l&#8217;individu de les seves decisions, refor\u00e7ant la seva autoefic\u00e0cia per al canvi.<\/li><\/ul>\n\n\n\n<div style=\"height:29px\" aria-hidden=\"true\" class=\"wp-block-spacer\"><\/div>\n\n\n\n<h4 class=\"wp-block-heading\"><strong>4. Relaci\u00f3 amb les \u00c0rees d&#8217;Atenci\u00f3 Especialitzada del Model<\/strong><\/h4>\n\n\n\n<p>El contingut immersiu d\u00f3na suport directe a itineraris espec\u00edfics del Programa marc d&#8217;organitzaci\u00f3 curricular:<\/p>\n\n\n\n<ul class=\"wp-block-list\"><li><strong>\u00c0rea de conductes violentes i de g\u00e8nere<\/strong>: El recurs \u00e9s una eina coadjuvant per als programes SAC, DEVI i de Viol\u00e8ncia de G\u00e8nere, treballant l&#8217;empatia cap a la v\u00edctima i el trencament de distorsions cognitives.<\/li><li><strong>\u00c0rea de conductes addictives<\/strong>: Refor\u00e7a les estrat\u00e8gies per mantenir l&#8217;abstin\u00e8ncia en entorns de risc externs.<\/li><li><strong>\u00c0rea de preparaci\u00f3 per a la vida en llibertat<\/strong>: Simula situacions que els interns trobaran en el medi obert, com pressions laborals o temptacions en el lleure.<\/li><\/ul>\n\n\n\n<div style=\"height:125px\" aria-hidden=\"true\" class=\"wp-block-spacer\"><\/div>\n\n\n\n<p>Estem molt contents dels resultats obtinguts i tamb\u00e9 des des Departament de Just\u00edcia ens han felicitat pel recurs que hem creat per ells.<\/p>\n\n\n\n<h4 class=\"wp-block-heading\"><em> &#8220;Estem molt contents amb la feina feta i el resultat.&nbsp; Ha estat un plaer treballar amb vosaltres i tan deb\u00f2 puguem seguir treballant amb diferents projectes&#8221;<\/em><\/h4>\n\n\n\n<div style=\"height:177px\" aria-hidden=\"true\" class=\"wp-block-spacer\"><\/div>\n\n\n\n<h5 class=\"wp-block-heading\">A Immersium Studio som experts en Aprenentatge Immersiu. Contacta amb nosaltres per descobrir la soluci\u00f3 immersiva que millor s\u2019adapta a les teves necessitats.<\/h5>\n\n\n\n<h5 class=\"wp-block-heading\"><a href=\"mailto:info@immersiumstudio.com\">info@immersiumstudio.com<\/a><\/h5>\n\n\n\n<div style=\"height:157px\" aria-hidden=\"true\" class=\"wp-block-spacer\"><\/div>\n","protected":false},"template":"","project-category":[],"project-customer":[265],"project-sector":[39],"class_list":["post-6210","project","type-project","status-publish","has-post-thumbnail","hentry","project-customer-generalitat-de-catalunya-departament-de-justicia","project-sector-educacio"],"_links":{"self":[{"href":"https:\/\/immersiumstudio.com\/ca\/wp-json\/wp\/v2\/project\/6210","targetHints":{"allow":["GET"]}}],"collection":[{"href":"https:\/\/immersiumstudio.com\/ca\/wp-json\/wp\/v2\/project"}],"about":[{"href":"https:\/\/immersiumstudio.com\/ca\/wp-json\/wp\/v2\/types\/project"}],"wp:featuredmedia":[{"embeddable":true,"href":"https:\/\/immersiumstudio.com\/ca\/wp-json\/wp\/v2\/media\/6251"}],"wp:attachment":[{"href":"https:\/\/immersiumstudio.com\/ca\/wp-json\/wp\/v2\/media?parent=6210"}],"wp:term":[{"taxonomy":"project-category","embeddable":true,"href":"https:\/\/immersiumstudio.com\/ca\/wp-json\/wp\/v2\/project-category?post=6210"},{"taxonomy":"project-customer","embeddable":true,"href":"https:\/\/immersiumstudio.com\/ca\/wp-json\/wp\/v2\/project-customer?post=6210"},{"taxonomy":"project-sector","embeddable":true,"href":"https:\/\/immersiumstudio.com\/ca\/wp-json\/wp\/v2\/project-sector?post=6210"}],"curies":[{"name":"wp","href":"https:\/\/api.w.org\/{rel}","templated":true}]}}